{"id":11955,"date":"2020-06-18T14:08:49","date_gmt":"2020-06-18T14:08:49","guid":{"rendered":"http:\/\/elexpert.ma\/beta\/?page_id=11697"},"modified":"2021-09-14T21:07:34","modified_gmt":"2021-09-14T21:07:34","slug":"gestion-des-pointes-de-charge","status":"publish","type":"elexpert_solution","link":"https:\/\/elexpert.ma\/index.php\/solutions\/economiser-lenergie-loffre-optimis\/gestion-des-pointes-de-charge\/","title":{"rendered":"Contr\u00f4le de d\u00e9passement de la puissance souscrite"},"content":{"rendered":"<div class=\"wpb-content-wrapper\"><p>[vc_row cspt-text-color=&#8221;white&#8221; cspt-bg-image-position=&#8221;right-bottom&#8221; cspt-extended-column=&#8221;last&#8221; full_width=&#8221;stretch_row&#8221; css=&#8221;.vc_custom_1631308486482{padding-top: 0px !important;padding-bottom: 0px !important;background-image: url(https:\/\/elexpert.ma\/wp-content\/uploads\/2020\/06\/controle-puissance-souscrite.jpg?id=12740) !important;background-position: center !important;background-repeat: no-repeat !important;background-size: contain !important;}&#8221;][vc_column width=&#8221;1\/2&#8243; css=&#8221;.vc_custom_1631653552670{padding-top: 20px !important;background-color: #7ed957 !important;}&#8221;][vc_raw_html]JTVCZWxleHBlcnRfYnJlYWRjcnVtcCU1RA==[\/vc_raw_html][vc_row_inner][vc_column_inner width=&#8221;1\/2&#8243;][vc_single_image image=&#8221;12222&#8243; img_size=&#8221;60&#215;60&#8243; alignment=&#8221;center&#8221; style=&#8221;vc_box_border_circle_2&#8243; css=&#8221;.vc_custom_1631308039256{margin-bottom: 5px !important;}&#8221;][vc_custom_heading text=&#8221;&lt; 2 ans&#8221; font_container=&#8221;tag:h2|text_align:center&#8221; use_theme_fonts=&#8221;yes&#8221;][\/vc_column_inner][vc_column_inner width=&#8221;1\/2&#8243;][vc_single_image image=&#8221;12225&#8243; img_size=&#8221;60&#215;60&#8243; alignment=&#8221;center&#8221; style=&#8221;vc_box_border_circle_2&#8243; css=&#8221;.vc_custom_1631308066207{margin-bottom: 5px !important;}&#8221;][vc_custom_heading text=&#8221;4% &#8211; 15% d&#8217;\u00e9conomie en moyenne sur la facture&#8221; font_container=&#8221;tag:h2|text_align:center&#8221; use_theme_fonts=&#8221;yes&#8221;][\/vc_column_inner][\/vc_row_inner][\/vc_column][vc_column width=&#8221;1\/3&#8243;][\/vc_column][\/vc_row][vc_row full_width=&#8221;stretch_row&#8221; css=&#8221;.vc_custom_1620436981094{padding-top: 50px !important;padding-bottom: 50px !important;border-radius: 5px !important;}&#8221;][vc_column][vc_carousel_father slide_visible=&#8221;6&#8243; tabs=&#8221;3&#8243; spaces=&#8221;10&#8243; arrowclr=&#8221;#000000&#8243; dot=&#8221;false&#8221;][vc_carousel_son fontweight=&#8221;500&#8243; image_id=&#8221;12316&#8243; img_width=&#8221;64px&#8221; img_height=&#8221;64px&#8221; title=&#8221;Industrie&#8221;]<\/p>\n<p style=\"text-align: center;\">.<\/p>\n<p>[\/vc_carousel_son][vc_carousel_son fontweight=&#8221;500&#8243; image_id=&#8221;12328&#8243; img_width=&#8221;64px&#8221; img_height=&#8221;64px&#8221; title=&#8221;Oil &amp; Gas&#8221;]<\/p>\n<p style=\"text-align: center;\">.<\/p>\n<p>[\/vc_carousel_son][vc_carousel_son fontweight=&#8221;500&#8243; image_id=&#8221;12319&#8243; img_width=&#8221;64px&#8221; img_height=&#8221;64px&#8221; title=&#8221;Infrastructures ( Ports, A\u00e9roports&#8230;)&#8221;]<\/p>\n<p style=\"text-align: center;\">.<\/p>\n<p>[\/vc_carousel_son][vc_carousel_son fontweight=&#8221;500&#8243; image_id=&#8221;12314&#8243; img_width=&#8221;64px&#8221; img_height=&#8221;64px&#8221; title=&#8221;H\u00f4pitaux&#8221;]<\/p>\n<p style=\"text-align: center;\">.<\/p>\n<p>[\/vc_carousel_son][vc_carousel_son fontweight=&#8221;500&#8243; image_id=&#8221;12337&#8243; img_width=&#8221;64px&#8221; img_height=&#8221;64px&#8221; title=&#8221;T\u00e9l\u00e9coms&#8221;]<\/p>\n<p style=\"text-align: center;\">.<\/p>\n<p>[\/vc_carousel_son][vc_carousel_son fontweight=&#8221;500&#8243; image_id=&#8221;12412&#8243; img_width=&#8221;64px&#8221; img_height=&#8221;64px&#8221; title=&#8221;Mines &amp; Carri\u00e8res&#8221;]<\/p>\n<p style=\"text-align: center;\">.<\/p>\n<p>[\/vc_carousel_son][vc_carousel_son fontweight=&#8221;500&#8243; image_id=&#8221;12305&#8243; img_width=&#8221;64px&#8221; img_height=&#8221;64px&#8221; title=&#8221;B\u00e2timents tertiaires&#8221;]<\/p>\n<p style=\"text-align: center;\">.<\/p>\n<p>[\/vc_carousel_son][\/vc_carousel_father][\/vc_column][\/vc_row][vc_row css=&#8221;.vc_custom_1591394160539{padding-top: 50px !important;padding-bottom: 50px !important;}&#8221;][vc_column width=&#8221;3\/4&#8243;][vc_single_image image=&#8221;12481&#8243; img_size=&#8221;large&#8221; alignment=&#8221;center&#8221; title=&#8221;Sch\u00e9ma : Contr\u00f4le du d\u00e9passement de lapuissance souscrite&#8221;][vc_column_text]<\/p>\n<p class=\"Normal tm5\" style=\"text-align: justify;\"><span class=\"tm6\">Les redevances de puissance souscrite ainsi que les p\u00e9nalit\u00e9s pour d\u00e9passement de puissance souscrite constituent un des principaux postes des factures \u00e9lectriques des abonn\u00e9s Haute et moyenne tension. <\/span><\/p>\n<p class=\"Normal tm5\" style=\"text-align: justify;\"><span class=\"tm6\">Pour r\u00e9duire leur facture, les utilisateurs sont incit\u00e9s \u00e0 souscrire la puissance la plus faible possible et faire en sorte de ne pas trop la d\u00e9passer. Ils doivent pour cela<\/span><strong><u><span class=\"tm7\"> ma\u00eetriser<\/span><\/u><\/strong><span class=\"tm6\"> les appels de puissance simultan\u00e9s de leurs charges et machines.<\/span><\/p>\n<p class=\"Normal tm5\" style=\"text-align: justify;\"><span class=\"tm6\">La difficult\u00e9 provient du fait que la puissance appel\u00e9e n\u2019est pas une valeur instantan\u00e9e, mais plut\u00f4t une moyenne calcul\u00e9e par le compteur d\u2019\u00e9nergie sur des p\u00e9riodes successives de 10 \u00e0 15 minutes, selon les pays,<\/span><\/p>\n<p class=\"Normal tm5\" style=\"text-align: justify;\"><span class=\"tm6\">Le syst\u00e8me de gestion des pointes de charge est un <\/span><strong><span class=\"tm7\">syst\u00e8me capable de pr\u00e9voir le risque de d\u00e9passement de puissance souscrite suffisamment \u00e0 l\u2019avance, de d\u00e9connecter les charges non prioritaires, \u00e0 des moments contr\u00f4l\u00e9s, et d\u2019\u00e9viter la reconnexion simultan\u00e9e de celles-ci lorsque le risque de d\u00e9passement dispara\u00eet. <\/span><\/strong><span class=\"tm6\">Cela revient donc \u00e0 \u00ab\u00a0d\u00e9placer\u00a0\u00bb le fonctionnement de certaines charges dans le temps.<\/span><\/p>\n<p class=\"Normal\" style=\"text-align: justify;\">[\/vc_column_text][\/vc_column][vc_column width=&#8221;1\/4&#8243;][vc_cta h2=&#8221;T\u00e9l\u00e9chargez la brochure&#8221; h2_font_container=&#8221;font_size:22&#8243; h2_use_theme_fonts=&#8221;yes&#8221; txt_align=&#8221;center&#8221; add_button=&#8221;bottom&#8221; btn_title=&#8221;T\u00e9l\u00e9charger&#8221; btn_color=&#8221;black&#8221; btn_align=&#8221;center&#8221; add_icon=&#8221;top&#8221; i_icon_fontawesome=&#8221;fas fa-cloud-download-alt&#8221; i_color=&#8221;black&#8221; use_custom_fonts_h2=&#8221;true&#8221; btn_link=&#8221;url:http%3A%2F%2Felexpert.ma%2Fwp-content%2Fuploads%2F2021%2F07%2FP10.pdf||target:%20_blank|&#8221;][\/vc_cta][\/vc_column][\/vc_row][vc_row][vc_column][vc_column_text]<\/p>\n<p class=\"Normal tm6\"><span class=\"tm7\">Tout type d\u2019industries<\/span><\/p>\n<p class=\"Normal tm6\"><span class=\"tm7\">B\u00e2timents tertiaires abonn\u00e9s en moyenne tension<\/span><\/p>\n<p class=\"Normal tm6\"><span class=\"tm7\">Les charges \u00e0 d\u00e9connecter doivent \u00eatre choisies parmi celles n&#8217;affectant pas le processus principal de production de l\u2019entreprise, par exemple\u00a0:<\/span><\/p>\n<ul>\n<li class=\"ListParagraph tm8\">L\u2019\u00e9clairage,<\/li>\n<li class=\"ListParagraph tm8\">L\u2019air conditionn\u00e9,<\/li>\n<li class=\"ListParagraph tm8\">Ventilateurs et extracteurs,<\/li>\n<li class=\"ListParagraph tm8\">Les Compresseurs de froid,<\/li>\n<li class=\"ListParagraph tm8\">Les pompes d\u2019alimentation de citernes de stockage,<\/li>\n<li class=\"ListParagraph tm8\">Les machines d\u2019emballage,<\/li>\n<li class=\"ListParagraph tm8\">Les concasseurs ou broyeurs dans certains process (carri\u00e8re, mine,\u2026)<\/li>\n<li class=\"ListParagraph tm8\">etc.<\/li>\n<\/ul>\n<p>[\/vc_column_text][\/vc_column][\/vc_row][vc_row][vc_column][vc_single_image image=&#8221;12428&#8243; img_size=&#8221;large&#8221; alignment=&#8221;center&#8221; onclick=&#8221;link_image&#8221;][\/vc_column][\/vc_row][vc_row cspt-text-color=&#8221;white&#8221; full_width=&#8221;stretch_row&#8221; content_placement=&#8221;middle&#8221; css=&#8221;.vc_custom_1621293043018{padding-top: 50px !important;padding-bottom: 50px !important;background-color: #7ed957 !important;}&#8221;][vc_column][vc_column_text]<\/p>\n<ul>\n<li class=\"ListParagraph tm6\"><strong>Contr\u00f4le de jusqu\u2019\u00e0 48 d\u00e9parts diff\u00e9rents<\/strong><\/li>\n<li class=\"ListParagraph tm6\"><strong>Serveur Web et logiciel int\u00e9gr\u00e9s avec visualisation en temps r\u00e9el du fonctionnement de l\u2019installation<\/strong><\/li>\n<li class=\"ListParagraph tm6\"><strong>Gestion selon des tranches horaires enti\u00e8rement configurables, selon un calendrier ou selon des conditions pr\u00e9programm\u00e9es<\/strong><\/li>\n<li class=\"ListParagraph tm6\"><strong>Programmation de plusieurs limites de puissance par tranche horaire<\/strong><\/li>\n<li class=\"ListParagraph tm6\"><strong>Gestion manuelle ou automatique du fonctionnement<\/strong><\/li>\n<li class=\"ListParagraph tm6\"><strong>Commande locale ou \u00e0 distance des charges<\/strong><\/li>\n<li class=\"ListParagraph tm6\"><strong>Prioritisation des charges (Connexion \/ d\u00e9connexion) avec cr\u00e9ation de groupes de charges<\/strong><\/li>\n<\/ul>\n<p>[\/vc_column_text][\/vc_column][\/vc_row][vc_row full_width=&#8221;stretch_row&#8221; css=&#8221;.vc_custom_1591394175233{padding-top: 50px !important;padding-bottom: 50px !important;}&#8221;][vc_column][vc_single_image image=&#8221;12427&#8243; img_size=&#8221;large&#8221; alignment=&#8221;center&#8221; onclick=&#8221;link_image&#8221;][\/vc_column][\/vc_row][vc_row disable_element=&#8221;yes&#8221;][vc_column]<div  class=\"creativesplanet-element creativesplanet-element-portfolio cspt-element-portfolio-style-2 creativesplanet-element-viewtype-row-column cspt-sortable-no\" data-show=\"3\" data-columns=\"3\" data-loop=\"false\" data-autoplay=\"false\" data-center=\"false\" data-nav=\"false\" data-dots=\"false\" data-autoplayspeed=\"1000\" data-margin=\"\"><div class=\"creativesplanet-element-inner\"><div class=\"cspt-ele-header-area\"><\/div><div class=\"cspt-element-posts-wrapper row multi-columns-row\"><div class=\"cspt-ele cspt-portfolio-ele col-md-4 batiments-administratifs-et-de-bureaux cspt-term-43 continuite-de-service cspt-term-48 data-centers cspt-term-41 distribution-et-logistique cspt-term-44 economies-denergie cspt-term-46 energie cspt-term-39 enseignement cspt-term-45 hopitaux-et-sante cspt-term-40 industrie cspt-term-36\"><article class=\"creativesplanet-ele creativesplanet-ele-portfolio cspt-portfolio-style-2 cspt-odd\">\r\n\t<div class=\"creativesplanet-post-item\">\t\t\t\t\r\n\t\t<div class=\"cspt-image-wrapper\">\r\n\t\t\t<div class=\"cspt-featured-wrapper\"><a href=\"https:\/\/elexpert.ma\/index.php\/portfolio\/massive-deployment-of-solar-panels\/\"><img loading=\"lazy\" decoding=\"async\" width=\"770\" height=\"500\" src=\"https:\/\/elexpert.ma\/wp-content\/uploads\/2019\/06\/img-05-770x500.jpg\" class=\"attachment-cspt-img-770x500 size-cspt-img-770x500 wp-post-image\" alt=\"\" data-id=\"10058\" \/><\/a><\/div>\t\t<\/div>\t\t\t\r\n\t\t<div class=\"cspt-content-wrapper\">\r\n\t\t\t<h3 class=\"cspt-portfolio-title\"><a href=\"https:\/\/elexpert.ma\/index.php\/portfolio\/massive-deployment-of-solar-panels\/\">Massive Deployment Of Solar<\/a><\/h3>\t\r\n\t\t\t\t\t\t\t<div class=\"cspt-short-description\">\r\n\t\t\t\t\t<p>Lorem ipsum dolor sit amet, consectetur adipiscing elit, sed do eiusmod tempor text ever since&#8230;<\/p>\n\t\t\t\t<\/div>\r\n\t\t\t\t\t\t\t\t\t\t\r\n\t\t\t<div class=\"vc_btn3-container vc_btn3-inline\">\r\n\t\t\t\t<a class=\"vc_general vc_btn3 vc_btn3-size-md vc_btn3-shape-rounded vc_btn3-style-modern vc_btn3-color-globalcolor\" href=\"https:\/\/elexpert.ma\/index.php\/portfolio\/massive-deployment-of-solar-panels\/\" title=\"Massive Deployment Of Solar\"><span>Read More<\/span><\/a>\r\n\t\t\t<\/div>\r\n\t\t<\/div>\r\n\t<\/div>\r\n<\/article><\/div><div class=\"cspt-ele cspt-portfolio-ele col-md-4 banque-et-assurance cspt-term-42 continuite-de-service cspt-term-48 data-centers cspt-term-41 distribution-et-logistique cspt-term-44 economies-denergie cspt-term-46 energie cspt-term-39 hopitaux-et-sante cspt-term-40 industrie cspt-term-36 infrastructures cspt-term-37 telecoms-radio-et-tv cspt-term-38\"><article class=\"creativesplanet-ele creativesplanet-ele-portfolio cspt-portfolio-style-2 cspt-even\">\r\n\t<div class=\"creativesplanet-post-item\">\t\t\t\t\r\n\t\t<div class=\"cspt-image-wrapper\">\r\n\t\t\t<div class=\"cspt-featured-wrapper\"><a href=\"https:\/\/elexpert.ma\/index.php\/portfolio\/swedish-mega-project\/\"><img loading=\"lazy\" decoding=\"async\" width=\"770\" height=\"500\" src=\"https:\/\/elexpert.ma\/wp-content\/uploads\/2019\/06\/img-05-770x500.jpg\" class=\"attachment-cspt-img-770x500 size-cspt-img-770x500 wp-post-image\" alt=\"\" data-id=\"10058\" \/><\/a><\/div>\t\t<\/div>\t\t\t\r\n\t\t<div class=\"cspt-content-wrapper\">\r\n\t\t\t<h3 class=\"cspt-portfolio-title\"><a href=\"https:\/\/elexpert.ma\/index.php\/portfolio\/swedish-mega-project\/\">Swedish Mega Project<\/a><\/h3>\t\r\n\t\t\t\t\t\t\t<div class=\"cspt-short-description\">\r\n\t\t\t\t\t<p>Lorem ipsum dolor sit amet, consectetur adipiscing elit, sed do eiusmod tempor text ever since&#8230;<\/p>\n\t\t\t\t<\/div>\r\n\t\t\t\t\t\t\t\t\t\t\r\n\t\t\t<div class=\"vc_btn3-container vc_btn3-inline\">\r\n\t\t\t\t<a class=\"vc_general vc_btn3 vc_btn3-size-md vc_btn3-shape-rounded vc_btn3-style-modern vc_btn3-color-globalcolor\" href=\"https:\/\/elexpert.ma\/index.php\/portfolio\/swedish-mega-project\/\" title=\"Swedish Mega Project\"><span>Read More<\/span><\/a>\r\n\t\t\t<\/div>\r\n\t\t<\/div>\r\n\t<\/div>\r\n<\/article><\/div><div class=\"cspt-ele cspt-portfolio-ele col-md-4 continuite-de-service cspt-term-48 economies-denergie cspt-term-46 energie cspt-term-39 enseignement cspt-term-45 hopitaux-et-sante cspt-term-40 industrie cspt-term-36 infrastructures cspt-term-37 qualite-denergie cspt-term-47\"><article class=\"creativesplanet-ele creativesplanet-ele-portfolio cspt-portfolio-style-2 cspt-odd\">\r\n\t<div class=\"creativesplanet-post-item\">\t\t\t\t\r\n\t\t<div class=\"cspt-image-wrapper\">\r\n\t\t\t<div class=\"cspt-featured-wrapper\"><a href=\"https:\/\/elexpert.ma\/index.php\/portfolio\/consectetur-adipiscing\/\"><img loading=\"lazy\" decoding=\"async\" width=\"770\" height=\"500\" src=\"https:\/\/elexpert.ma\/wp-content\/uploads\/2019\/06\/img-04-770x500.jpg\" class=\"attachment-cspt-img-770x500 size-cspt-img-770x500 wp-post-image\" alt=\"\" data-id=\"10059\" \/><\/a><\/div>\t\t<\/div>\t\t\t\r\n\t\t<div class=\"cspt-content-wrapper\">\r\n\t\t\t<h3 class=\"cspt-portfolio-title\"><a href=\"https:\/\/elexpert.ma\/index.php\/portfolio\/consectetur-adipiscing\/\">Consectetur adipiscing<\/a><\/h3>\t\r\n\t\t\t\t\t\t\t<div class=\"cspt-short-description\">\r\n\t\t\t\t\t<p>Lorem ipsum dolor sit amet, consectetur adipiscing elit, sed do eiusmod tempor text ever since&#8230;<\/p>\n\t\t\t\t<\/div>\r\n\t\t\t\t\t\t\t\t\t\t\r\n\t\t\t<div class=\"vc_btn3-container vc_btn3-inline\">\r\n\t\t\t\t<a class=\"vc_general vc_btn3 vc_btn3-size-md vc_btn3-shape-rounded vc_btn3-style-modern vc_btn3-color-globalcolor\" href=\"https:\/\/elexpert.ma\/index.php\/portfolio\/consectetur-adipiscing\/\" title=\"Consectetur adipiscing\"><span>Read More<\/span><\/a>\r\n\t\t\t<\/div>\r\n\t\t<\/div>\r\n\t<\/div>\r\n<\/article><\/div><\/div><\/div><!-- .creativesplanet-element-inner -->   <\/div><!-- .creativesplanet-element -->  [\/vc_column][\/vc_row]<\/p>\n<\/div>","protected":false},"parent":12036,"menu_order":0,"template":"","class_list":["post-11955","elexpert_solution","type-elexpert_solution","status-publish","hentry","elxpert_section-economies-denergie"],"acf":[],"yoast_head":"<!-- This site is optimized with the Yoast SEO plugin v24.8.1 - https:\/\/yoast.com\/wordpress\/plugins\/seo\/ -->\n<title>Contr\u00f4le de d\u00e9passement de la puissance souscrite - Elexpert<\/title>\n<meta name=\"robots\" content=\"index, follow, max-snippet:-1, max-image-preview:large, max-video-preview:-1\" \/>\n<link rel=\"canonical\" href=\"https:\/\/elexpert.ma\/index.php\/solutions\/economiser-lenergie-loffre-optimis\/gestion-des-pointes-de-charge\/\" \/>\n<meta property=\"og:locale\" content=\"fr_FR\" \/>\n<meta property=\"og:type\" content=\"article\" \/>\n<meta property=\"og:title\" content=\"Contr\u00f4le de d\u00e9passement de la puissance souscrite - Elexpert\" \/>\n<meta property=\"og:description\" content=\"[vc_row cspt-text-color=&#8221;white&#8221; cspt-bg-image-position=&#8221;right-bottom&#8221; cspt-extended-column=&#8221;last&#8221; full_width=&#8221;stretch_row&#8221; css=&#8221;.vc_custom_1631308486482{padding-top: 0px !important;padding-bottom: 0px !important;background-image: url(https:\/\/elexpert.ma\/wp-content\/uploads\/2020\/06\/controle-puissance-souscrite.jpg?id=12740) !important;background-position: center !important;background-repeat: no-repeat !important;background-size: contain !important;}&#8221;][vc_column width=&#8221;1\/2&#8243; css=&#8221;.vc_custom_1631653552670{padding-top: 20px !important;background-color: #7ed957 !important;}&#8221;][vc_raw_html]JTVCZWxleHBlcnRfYnJlYWRjcnVtcCU1RA==[\/vc_raw_html][vc_row_inner][vc_column_inner width=&#8221;1\/2&#8243;][vc_single_image image=&#8221;12222&#8243; img_size=&#8221;60&#215;60&#8243; alignment=&#8221;center&#8221; style=&#8221;vc_box_border_circle_2&#8243; css=&#8221;.vc_custom_1631308039256{margin-bottom: 5px !important;}&#8221;][vc_custom_heading text=&#8221;&lt; 2 ans&#8221; font_container=&#8221;tag:h2|text_align:center&#8221; use_theme_fonts=&#8221;yes&#8221;][\/vc_column_inner][vc_column_inner width=&#8221;1\/2&#8243;][vc_single_image image=&#8221;12225&#8243; img_size=&#8221;60&#215;60&#8243; alignment=&#8221;center&#8221; style=&#8221;vc_box_border_circle_2&#8243; css=&#8221;.vc_custom_1631308066207{margin-bottom: 5px !important;}&#8221;][vc_custom_heading text=&#8221;4% &#8211; 15% d&#8217;\u00e9conomie en moyenne sur la facture&#8221; font_container=&#8221;tag:h2|text_align:center&#8221; use_theme_fonts=&#8221;yes&#8221;][\/vc_column_inner][\/vc_row_inner][\/vc_column][vc_column width=&#8221;1\/3&#8243;][\/vc_column][\/vc_row][vc_row full_width=&#8221;stretch_row&#8221; css=&#8221;.vc_custom_1620436981094{padding-top: 50px !important;padding-bottom: 50px !important;border-radius: 5px !important;}&#8221;][vc_column][vc_carousel_father slide_visible=&#8221;6&#8243; tabs=&#8221;3&#8243; spaces=&#8221;10&#8243; arrowclr=&#8221;#000000&#8243; dot=&#8221;false&#8221;][vc_carousel_son[&hellip;]\" \/>\n<meta property=\"og:url\" content=\"https:\/\/elexpert.ma\/index.php\/solutions\/economiser-lenergie-loffre-optimis\/gestion-des-pointes-de-charge\/\" \/>\n<meta property=\"og:site_name\" content=\"Elexpert\" \/>\n<meta property=\"article:modified_time\" content=\"2021-09-14T21:07:34+00:00\" \/>\n<meta name=\"twitter:card\" content=\"summary_large_image\" \/>\n<meta name=\"twitter:label1\" content=\"Dur\u00e9e de lecture estim\u00e9e\" \/>\n\t<meta name=\"twitter:data1\" content=\"5 minutes\" \/>\n<script type=\"application\/ld+json\" class=\"yoast-schema-graph\">{\"@context\":\"https:\/\/schema.org\",\"@graph\":[{\"@type\":\"WebPage\",\"@id\":\"https:\/\/elexpert.ma\/index.php\/solutions\/economiser-lenergie-loffre-optimis\/gestion-des-pointes-de-charge\/\",\"url\":\"https:\/\/elexpert.ma\/index.php\/solutions\/economiser-lenergie-loffre-optimis\/gestion-des-pointes-de-charge\/\",\"name\":\"Contr\u00f4le de d\u00e9passement de la puissance souscrite - Elexpert\",\"isPartOf\":{\"@id\":\"https:\/\/elexpert.ma\/#website\"},\"datePublished\":\"2020-06-18T14:08:49+00:00\",\"dateModified\":\"2021-09-14T21:07:34+00:00\",\"breadcrumb\":{\"@id\":\"https:\/\/elexpert.ma\/index.php\/solutions\/economiser-lenergie-loffre-optimis\/gestion-des-pointes-de-charge\/#breadcrumb\"},\"inLanguage\":\"fr-FR\",\"potentialAction\":[{\"@type\":\"ReadAction\",\"target\":[\"https:\/\/elexpert.ma\/index.php\/solutions\/economiser-lenergie-loffre-optimis\/gestion-des-pointes-de-charge\/\"]}]},{\"@type\":\"BreadcrumbList\",\"@id\":\"https:\/\/elexpert.ma\/index.php\/solutions\/economiser-lenergie-loffre-optimis\/gestion-des-pointes-de-charge\/#breadcrumb\",\"itemListElement\":[{\"@type\":\"ListItem\",\"position\":1,\"name\":\"Accueil\",\"item\":\"https:\/\/elexpert.ma\/\"},{\"@type\":\"ListItem\",\"position\":2,\"name\":\"Economie d&#8217;energie\",\"item\":\"https:\/\/elexpert.ma\/index.php\/solutions\/economiser-lenergie-loffre-optimis\/\"},{\"@type\":\"ListItem\",\"position\":3,\"name\":\"Contr\u00f4le de d\u00e9passement de la puissance souscrite\"}]},{\"@type\":\"WebSite\",\"@id\":\"https:\/\/elexpert.ma\/#website\",\"url\":\"https:\/\/elexpert.ma\/\",\"name\":\"Elexpert\",\"description\":\"Votre partenaire pour la maitrise de l&#039;\u00e9nergie \u00e9lectrique\",\"publisher\":{\"@id\":\"https:\/\/elexpert.ma\/#organization\"},\"potentialAction\":[{\"@type\":\"SearchAction\",\"target\":{\"@type\":\"EntryPoint\",\"urlTemplate\":\"https:\/\/elexpert.ma\/?s={search_term_string}\"},\"query-input\":{\"@type\":\"PropertyValueSpecification\",\"valueRequired\":true,\"valueName\":\"search_term_string\"}}],\"inLanguage\":\"fr-FR\"},{\"@type\":\"Organization\",\"@id\":\"https:\/\/elexpert.ma\/#organization\",\"name\":\"Elexpert\",\"url\":\"https:\/\/elexpert.ma\/\",\"logo\":{\"@type\":\"ImageObject\",\"inLanguage\":\"fr-FR\",\"@id\":\"https:\/\/elexpert.ma\/#\/schema\/logo\/image\/\",\"url\":\"https:\/\/elexpert.ma\/wp-content\/uploads\/2020\/05\/logo-elexpert.jpg\",\"contentUrl\":\"https:\/\/elexpert.ma\/wp-content\/uploads\/2020\/05\/logo-elexpert.jpg\",\"width\":320,\"height\":94,\"caption\":\"Elexpert\"},\"image\":{\"@id\":\"https:\/\/elexpert.ma\/#\/schema\/logo\/image\/\"}}]}<\/script>\n<!-- \/ Yoast SEO plugin. -->","yoast_head_json":{"title":"Contr\u00f4le de d\u00e9passement de la puissance souscrite - Elexpert","robots":{"index":"index","follow":"follow","max-snippet":"max-snippet:-1","max-image-preview":"max-image-preview:large","max-video-preview":"max-video-preview:-1"},"canonical":"https:\/\/elexpert.ma\/index.php\/solutions\/economiser-lenergie-loffre-optimis\/gestion-des-pointes-de-charge\/","og_locale":"fr_FR","og_type":"article","og_title":"Contr\u00f4le de d\u00e9passement de la puissance souscrite - Elexpert","og_description":"[vc_row cspt-text-color=&#8221;white&#8221; cspt-bg-image-position=&#8221;right-bottom&#8221; cspt-extended-column=&#8221;last&#8221; full_width=&#8221;stretch_row&#8221; css=&#8221;.vc_custom_1631308486482{padding-top: 0px !important;padding-bottom: 0px !important;background-image: url(https:\/\/elexpert.ma\/wp-content\/uploads\/2020\/06\/controle-puissance-souscrite.jpg?id=12740) !important;background-position: center !important;background-repeat: no-repeat !important;background-size: contain !important;}&#8221;][vc_column width=&#8221;1\/2&#8243; css=&#8221;.vc_custom_1631653552670{padding-top: 20px !important;background-color: #7ed957 !important;}&#8221;][vc_raw_html]JTVCZWxleHBlcnRfYnJlYWRjcnVtcCU1RA==[\/vc_raw_html][vc_row_inner][vc_column_inner width=&#8221;1\/2&#8243;][vc_single_image image=&#8221;12222&#8243; img_size=&#8221;60&#215;60&#8243; alignment=&#8221;center&#8221; style=&#8221;vc_box_border_circle_2&#8243; css=&#8221;.vc_custom_1631308039256{margin-bottom: 5px !important;}&#8221;][vc_custom_heading text=&#8221;&lt; 2 ans&#8221; font_container=&#8221;tag:h2|text_align:center&#8221; use_theme_fonts=&#8221;yes&#8221;][\/vc_column_inner][vc_column_inner width=&#8221;1\/2&#8243;][vc_single_image image=&#8221;12225&#8243; img_size=&#8221;60&#215;60&#8243; alignment=&#8221;center&#8221; style=&#8221;vc_box_border_circle_2&#8243; css=&#8221;.vc_custom_1631308066207{margin-bottom: 5px !important;}&#8221;][vc_custom_heading text=&#8221;4% &#8211; 15% d&#8217;\u00e9conomie en moyenne sur la facture&#8221; font_container=&#8221;tag:h2|text_align:center&#8221; use_theme_fonts=&#8221;yes&#8221;][\/vc_column_inner][\/vc_row_inner][\/vc_column][vc_column width=&#8221;1\/3&#8243;][\/vc_column][\/vc_row][vc_row full_width=&#8221;stretch_row&#8221; css=&#8221;.vc_custom_1620436981094{padding-top: 50px !important;padding-bottom: 50px !important;border-radius: 5px !important;}&#8221;][vc_column][vc_carousel_father slide_visible=&#8221;6&#8243; tabs=&#8221;3&#8243; spaces=&#8221;10&#8243; arrowclr=&#8221;#000000&#8243; dot=&#8221;false&#8221;][vc_carousel_son[&hellip;]","og_url":"https:\/\/elexpert.ma\/index.php\/solutions\/economiser-lenergie-loffre-optimis\/gestion-des-pointes-de-charge\/","og_site_name":"Elexpert","article_modified_time":"2021-09-14T21:07:34+00:00","twitter_card":"summary_large_image","twitter_misc":{"Dur\u00e9e de lecture estim\u00e9e":"5 minutes"},"schema":{"@context":"https:\/\/schema.org","@graph":[{"@type":"WebPage","@id":"https:\/\/elexpert.ma\/index.php\/solutions\/economiser-lenergie-loffre-optimis\/gestion-des-pointes-de-charge\/","url":"https:\/\/elexpert.ma\/index.php\/solutions\/economiser-lenergie-loffre-optimis\/gestion-des-pointes-de-charge\/","name":"Contr\u00f4le de d\u00e9passement de la puissance souscrite - Elexpert","isPartOf":{"@id":"https:\/\/elexpert.ma\/#website"},"datePublished":"2020-06-18T14:08:49+00:00","dateModified":"2021-09-14T21:07:34+00:00","breadcrumb":{"@id":"https:\/\/elexpert.ma\/index.php\/solutions\/economiser-lenergie-loffre-optimis\/gestion-des-pointes-de-charge\/#breadcrumb"},"inLanguage":"fr-FR","potentialAction":[{"@type":"ReadAction","target":["https:\/\/elexpert.ma\/index.php\/solutions\/economiser-lenergie-loffre-optimis\/gestion-des-pointes-de-charge\/"]}]},{"@type":"BreadcrumbList","@id":"https:\/\/elexpert.ma\/index.php\/solutions\/economiser-lenergie-loffre-optimis\/gestion-des-pointes-de-charge\/#breadcrumb","itemListElement":[{"@type":"ListItem","position":1,"name":"Accueil","item":"https:\/\/elexpert.ma\/"},{"@type":"ListItem","position":2,"name":"Economie d&#8217;energie","item":"https:\/\/elexpert.ma\/index.php\/solutions\/economiser-lenergie-loffre-optimis\/"},{"@type":"ListItem","position":3,"name":"Contr\u00f4le de d\u00e9passement de la puissance souscrite"}]},{"@type":"WebSite","@id":"https:\/\/elexpert.ma\/#website","url":"https:\/\/elexpert.ma\/","name":"Elexpert","description":"Votre partenaire pour la maitrise de l&#039;\u00e9nergie \u00e9lectrique","publisher":{"@id":"https:\/\/elexpert.ma\/#organization"},"potentialAction":[{"@type":"SearchAction","target":{"@type":"EntryPoint","urlTemplate":"https:\/\/elexpert.ma\/?s={search_term_string}"},"query-input":{"@type":"PropertyValueSpecification","valueRequired":true,"valueName":"search_term_string"}}],"inLanguage":"fr-FR"},{"@type":"Organization","@id":"https:\/\/elexpert.ma\/#organization","name":"Elexpert","url":"https:\/\/elexpert.ma\/","logo":{"@type":"ImageObject","inLanguage":"fr-FR","@id":"https:\/\/elexpert.ma\/#\/schema\/logo\/image\/","url":"https:\/\/elexpert.ma\/wp-content\/uploads\/2020\/05\/logo-elexpert.jpg","contentUrl":"https:\/\/elexpert.ma\/wp-content\/uploads\/2020\/05\/logo-elexpert.jpg","width":320,"height":94,"caption":"Elexpert"},"image":{"@id":"https:\/\/elexpert.ma\/#\/schema\/logo\/image\/"}}]}},"_links":{"self":[{"href":"https:\/\/elexpert.ma\/index.php\/wp-json\/wp\/v2\/elexpert_solution\/11955","targetHints":{"allow":["GET"]}}],"collection":[{"href":"https:\/\/elexpert.ma\/index.php\/wp-json\/wp\/v2\/elexpert_solution"}],"about":[{"href":"https:\/\/elexpert.ma\/index.php\/wp-json\/wp\/v2\/types\/elexpert_solution"}],"up":[{"embeddable":true,"href":"https:\/\/elexpert.ma\/index.php\/wp-json\/wp\/v2\/elexpert_solution\/12036"}],"wp:attachment":[{"href":"https:\/\/elexpert.ma\/index.php\/wp-json\/wp\/v2\/media?parent=11955"}],"curies":[{"name":"wp","href":"https:\/\/api.w.org\/{rel}","templated":true}]}}